{"id":254,"date":"2021-04-26T20:53:40","date_gmt":"2021-04-26T23:53:40","guid":{"rendered":"https:\/\/www.defesadacf88.ufscar.br\/?page_id=254"},"modified":"2021-04-28T09:44:35","modified_gmt":"2021-04-28T12:44:35","slug":"be-a-ba-da-cf-88","status":"publish","type":"page","link":"https:\/\/www.defesadacf88.ufscar.br\/index.php\/be-a-ba-da-cf-88\/","title":{"rendered":"B\u00ea-a-B\u00e1 da CF 88"},"content":{"rendered":"\n<p>\u00c9 o mais novo projeto do nosso curso. <br>Como j\u00e1 foi dito antes, o curso n\u00e3o \u00e9 direcionado apenas a pessoas que atuam na \u00e1rea do Direito.<br>Entretanto, como \u00e9 realizada a leitura da Constitui\u00e7\u00e3o Federal de 1988, sempre nos deparamos com termos jur\u00eddicos, pr\u00f3prios do Direito. Sendo assim, criamos uma esp\u00e9cie de gloss\u00e1rio para explicar esses conceitos, de forma simples e din\u00e2mica, e assim foi desenvolvido o &#8220;B\u00ea-a-B\u00e1&#8221; da CF 88:<\/p>\n\n\n\n<figure class=\"wp-block-embed is-type-wp-embed is-provider-midia-incorporada wp-block-embed-midia-incorporada\"><div class=\"wp-block-embed__wrapper\">\n<blockquote class=\"wp-embedded-content\" data-secret=\"HECHz0DTVq\"><a href=\"https:\/\/www.defesadacf88.ufscar.br\/index.php\/2021\/04\/28\/ciencia-da-cf-88\/\">CI\u00caNCIA DA CF 88<\/a><\/blockquote><iframe loading=\"lazy\" class=\"wp-embedded-content\" sandbox=\"allow-scripts\" security=\"restricted\" style=\"position: absolute; clip: rect(1px, 1px, 1px, 1px);\" title=\"&#8220;CI\u00caNCIA DA CF 88&#8221; &#8212; \" src=\"https:\/\/www.defesadacf88.ufscar.br\/index.php\/2021\/04\/28\/ciencia-da-cf-88\/embed\/#?secret=HECHz0DTVq\" data-secret=\"HECHz0DTVq\" width=\"600\" height=\"338\" frameborder=\"0\" marginwidth=\"0\" marginheight=\"0\" scrolling=\"no\"><\/iframe>\n<\/div><\/figure>\n\n\n\n<figure class=\"wp-block-embed is-type-wp-embed is-provider-midia-incorporada wp-block-embed-midia-incorporada\"><div class=\"wp-block-embed__wrapper\">\n<blockquote class=\"wp-embedded-content\" data-secret=\"32hrzM3Pzk\"><a href=\"https:\/\/www.defesadacf88.ufscar.br\/index.php\/2021\/04\/28\/direito-a-liberdade\/\">DIREITO A LIBERDADE<\/a><\/blockquote><iframe loading=\"lazy\" class=\"wp-embedded-content\" sandbox=\"allow-scripts\" security=\"restricted\" style=\"position: absolute; clip: rect(1px, 1px, 1px, 1px);\" title=\"&#8220;DIREITO A LIBERDADE&#8221; &#8212; \" src=\"https:\/\/www.defesadacf88.ufscar.br\/index.php\/2021\/04\/28\/direito-a-liberdade\/embed\/#?secret=32hrzM3Pzk\" data-secret=\"32hrzM3Pzk\" width=\"600\" height=\"338\" frameborder=\"0\" marginwidth=\"0\" marginheight=\"0\" scrolling=\"no\"><\/iframe>\n<\/div><\/figure>\n\n\n\n<figure class=\"wp-block-embed is-type-wp-embed is-provider-midia-incorporada wp-block-embed-midia-incorporada\"><div class=\"wp-block-embed__wrapper\">\n<blockquote class=\"wp-embedded-content\" data-secret=\"Oi1TXWdKq1\"><a href=\"https:\/\/www.defesadacf88.ufscar.br\/index.php\/2021\/04\/28\/direito-justica-e-constituicao\/\">DIREITO, JUSTI\u00c7A E CONSTITUI\u00c7\u00c3O<\/a><\/blockquote><iframe loading=\"lazy\" class=\"wp-embedded-content\" sandbox=\"allow-scripts\" security=\"restricted\" style=\"position: absolute; clip: rect(1px, 1px, 1px, 1px);\" title=\"&#8220;DIREITO, JUSTI\u00c7A E CONSTITUI\u00c7\u00c3O&#8221; &#8212; \" src=\"https:\/\/www.defesadacf88.ufscar.br\/index.php\/2021\/04\/28\/direito-justica-e-constituicao\/embed\/#?secret=Oi1TXWdKq1\" data-secret=\"Oi1TXWdKq1\" width=\"600\" height=\"338\" frameborder=\"0\" marginwidth=\"0\" marginheight=\"0\" scrolling=\"no\"><\/iframe>\n<\/div><\/figure>\n\n\n\n<figure class=\"wp-block-embed is-type-wp-embed is-provider-midia-incorporada wp-block-embed-midia-incorporada\"><div class=\"wp-block-embed__wrapper\">\n<blockquote class=\"wp-embedded-content\" data-secret=\"0YtvY5pDPD\"><a href=\"https:\/\/www.defesadacf88.ufscar.br\/index.php\/2021\/04\/28\/carta-politica\/\">CARTA POL\u00cdTICA<\/a><\/blockquote><iframe loading=\"lazy\" class=\"wp-embedded-content\" sandbox=\"allow-scripts\" security=\"restricted\" style=\"position: absolute; clip: rect(1px, 1px, 1px, 1px);\" title=\"&#8220;CARTA POL\u00cdTICA&#8221; &#8212; \" src=\"https:\/\/www.defesadacf88.ufscar.br\/index.php\/2021\/04\/28\/carta-politica\/embed\/#?secret=0YtvY5pDPD\" data-secret=\"0YtvY5pDPD\" width=\"600\" height=\"338\" frameborder=\"0\" marginwidth=\"0\" marginheight=\"0\" scrolling=\"no\"><\/iframe>\n<\/div><\/figure>\n\n\n\n<figure class=\"wp-block-embed is-type-wp-embed is-provider-midia-incorporada wp-block-embed-midia-incorporada\"><div class=\"wp-block-embed__wrapper\">\n<blockquote class=\"wp-embedded-content\" data-secret=\"s70fmrZf8H\"><a href=\"https:\/\/www.defesadacf88.ufscar.br\/index.php\/2021\/04\/28\/estado-democratico-de-direito\/\">ESTADO DEMOCR\u00c1TICO DE DIREITO<\/a><\/blockquote><iframe loading=\"lazy\" class=\"wp-embedded-content\" sandbox=\"allow-scripts\" security=\"restricted\" style=\"position: absolute; clip: rect(1px, 1px, 1px, 1px);\" title=\"&#8220;ESTADO DEMOCR\u00c1TICO DE DIREITO&#8221; &#8212; \" src=\"https:\/\/www.defesadacf88.ufscar.br\/index.php\/2021\/04\/28\/estado-democratico-de-direito\/embed\/#?secret=s70fmrZf8H\" data-secret=\"s70fmrZf8H\" width=\"600\" height=\"338\" frameborder=\"0\" marginwidth=\"0\" marginheight=\"0\" scrolling=\"no\"><\/iframe>\n<\/div><\/figure>\n\n\n\n<p><\/p>\n","protected":false},"excerpt":{"rendered":"<p>\u00c9 o mais novo projeto do nosso curso. Como j\u00e1 foi dito antes, o curso n\u00e3o \u00e9 direcionado apenas a pessoas que atuam na \u00e1rea &hellip; <\/p>\n","protected":false},"author":2,"featured_media":264,"parent":0,"menu_order":0,"comment_status":"closed","ping_status":"closed","template":"","meta":[],"_links":{"self":[{"href":"https:\/\/www.defesadacf88.ufscar.br\/index.php\/wp-json\/wp\/v2\/pages\/254"}],"collection":[{"href":"https:\/\/www.defesadacf88.ufscar.br\/index.php\/wp-json\/wp\/v2\/pages"}],"about":[{"href":"https:\/\/www.defesadacf88.ufscar.br\/index.php\/wp-json\/wp\/v2\/types\/page"}],"author":[{"embeddable":true,"href":"https:\/\/www.defesadacf88.ufscar.br\/index.php\/wp-json\/wp\/v2\/users\/2"}],"replies":[{"embeddable":true,"href":"https:\/\/www.defesadacf88.ufscar.br\/index.php\/wp-json\/wp\/v2\/comments?post=254"}],"version-history":[{"count":10,"href":"https:\/\/www.defesadacf88.ufscar.br\/index.php\/wp-json\/wp\/v2\/pages\/254\/revisions"}],"predecessor-version":[{"id":319,"href":"https:\/\/www.defesadacf88.ufscar.br\/index.php\/wp-json\/wp\/v2\/pages\/254\/revisions\/319"}],"wp:featuredmedia":[{"embeddable":true,"href":"https:\/\/www.defesadacf88.ufscar.br\/index.php\/wp-json\/wp\/v2\/media\/264"}],"wp:attachment":[{"href":"https:\/\/www.defesadacf88.ufscar.br\/index.php\/wp-json\/wp\/v2\/media?parent=254"}],"curies":[{"name":"wp","href":"https:\/\/api.w.org\/{rel}","templated":true}]}}